{"id":2537,"date":"2024-11-20T13:40:50","date_gmt":"2024-11-20T00:40:50","guid":{"rendered":"https:\/\/dunedinkindergartens.org.nz\/?page_id=2537"},"modified":"2025-12-15T11:51:26","modified_gmt":"2025-12-14T22:51:26","slug":"about-us","status":"publish","type":"page","link":"https:\/\/dunedinkindergartens.org.nz\/pl\/about-us\/","title":{"rendered":"O nas"},"content":{"rendered":"<div class=\"fusion-fullwidth fullwidth-box fusion-builder-row-1 has-pattern-background has-mask-background nonhundred-percent-fullwidth non-hundred-percent-height-scrolling\" style=\"background-color: rgba(255,255,255,0);background-position: left top;background-repeat: no-repeat;padding-top:40px;padding-right:0px;padding-bottom:75px;padding-left:0px;margin-bottom: 0px;margin-top: 0px;border-width: 0px 0px 0px 0px;border-color:#eae9e9;border-style:solid;\" ><div class=\"fusion-builder-row fusion-row\"><div class=\"fusion-layout-column fusion_builder_column fusion-builder-column-0 fusion_builder_column_1_1 1_1 fusion-one-full fusion-column-first fusion-column-last\" style=\"margin-top:0px;margin-bottom:0px;\"><div class=\"fusion-column-wrapper fusion-flex-column-wrapper-legacy\" style=\"background-position:left top;background-blend-mode: overlay;background-repeat:no-repeat;-webkit-background-size:cover;-moz-background-size:cover;-o-background-size:cover;background-size:cover;padding: 0px 20px 0px 20px;\"><div class=\"fusion-text fusion-text-1\"><p style=\"text-align: left; font-size: 15px; font-weight: 300;\">Dunedin Kindergartens to organizacja parasolowa dla 24 indywidualnych przedszkoli w rejonie Dunedin. Jeste\u015bmy organizacj\u0105 non-profit opart\u0105 na spo\u0142eczno\u015bci, zarz\u0105dzan\u0105 przez wybierany zarz\u0105d. Nale\u017cymy do krajowej organizacji New Zealand Kindergartens, z kt\u00f3r\u0105 nawi\u0105zujemy kontakty i dzielimy si\u0119 krajowym do\u015bwiadczeniem. Ta krajowa perspektywa jest si\u0142\u0105 ruchu przedszkolnego.<\/p>\n<div class=\"fusion-text fusion-text-1\"><\/div>\n<\/div><span class=\"fusion-imageframe imageframe-none imageframe-1 hover-type-none\"><img decoding=\"async\" width=\"2196\" height=\"910\" title=\"Piknik \u2013 Zmie\u0144 rozmiar\" src=\"https:\/\/dunedinkindergartens.org.nz\/wp-content\/uploads\/2018\/09\/Picnic-Resize.jpg\" alt class=\"img-responsive wp-image-1289\" srcset=\"https:\/\/dunedinkindergartens.org.nz\/wp-content\/uploads\/2018\/09\/Picnic-Resize-200x83.jpg 200w, https:\/\/dunedinkindergartens.org.nz\/wp-content\/uploads\/2018\/09\/Picnic-Resize-400x166.jpg 400w, https:\/\/dunedinkindergartens.org.nz\/wp-content\/uploads\/2018\/09\/Picnic-Resize-600x249.jpg 600w, https:\/\/dunedinkindergartens.org.nz\/wp-content\/uploads\/2018\/09\/Picnic-Resize-800x332.jpg 800w, https:\/\/dunedinkindergartens.org.nz\/wp-content\/uploads\/2018\/09\/Picnic-Resize-1200x497.jpg 1200w, https:\/\/dunedinkindergartens.org.nz\/wp-content\/uploads\/2018\/09\/Picnic-Resize.jpg 2196w\" sizes=\"(max-width: 1125px) 100vw, 1200px\" \/><\/span><div class=\"fusion-sep-clear\"><\/div><div class=\"fusion-separator fusion-full-width-sep\" style=\"margin-left: auto;margin-right: auto;margin-top:45px;width:100%;\"><\/div><div class=\"fusion-sep-clear\"><\/div><style type=\"text\/css\">#accordion-2537-1 .fusion-panel:hover{ border-color: #575862 } #accordion-2537-1 .fusion-panel { border-color:#575862; }.fusion-accordian  #accordion-2537-1 .panel-title a .fa-fusion-box{ color: #575862;}.fusion-accordian  #accordion-2537-1 .panel-title a .fa-fusion-box:before{ font-size: 16px; width: 16px;}.fusion-accordian  #accordion-2537-1.fusion-toggle-icon-right .fusion-toggle-heading{ margin-right: 34px;}.fusion-accordian  #accordion-2537-1 .panel-title a{font-size:20px;color:#474b5d;font-family:\"Open Sans\";font-weight:300;}.fusion-accordian  #accordion-2537-1 .toggle-content{font-size:15px;color:#464b5e;font-family:\"Open Sans\";font-weight:300;}.fusion-accordian  #accordion-2537-1 .panel-title a:not(.active):hover, #accordion-2537-1 .fusion-toggle-boxed-mode:hover .panel-title a { color: #474b5d;}.fusion-accordian  #accordion-2537-1 .fusion-toggle-boxed-mode:hover .panel-title a .fa-fusion-box{ color: #474b5d;}.fusion-accordian  #accordion-2537-1.fusion-toggle-icon-unboxed .fusion-panel .panel-title a:not(.active):hover .fa-fusion-box{ color: #474b5d !important;}<\/style><div class=\"accordian fusion-accordian\"><div class=\"panel-group fusion-toggle-icon-right fusion-toggle-icon-unboxed\" id=\"accordion-2537-1\"><style type=\"text\/css\">.fusion-accordian  #accordion-2537-1 .panel-c152067a43313b4ba .panel-title a{color:#16215e;}.fusion-accordian  #accordion-2537-1 .panel-c152067a43313b4ba .toggle-content{color:#464b5e;}<\/style><div class=\"fusion-panel panel-default panel-c152067a43313b4ba\"><div class=\"panel-heading\"><h3 class=\"panel-title toggle\" id=\"toggle_c152067a43313b4ba\"><a class=\"active\" aria-expanded=\"true\" aria-controls=\"c152067a43313b4ba\" role=\"button\" data-toggle=\"collapse\" data-parent=\"#accordion-2537-1\" data-target=\"#c152067a43313b4ba\" href=\"#c152067a43313b4ba\"><span class=\"fusion-toggle-icon-wrapper\" aria-hidden=\"true\"><i class=\"fa-fusion-box active-icon awb-icon-minus\" aria-hidden=\"true\"><\/i><i class=\"fa-fusion-box inactive-icon awb-icon-plus\" aria-hidden=\"true\"><\/i><\/span><span class=\"fusion-toggle-heading\">Nasza struktura<\/span><\/a><\/h3><\/div><div id=\"c152067a43313b4ba\" class=\"panel-collapse collapse in\" araia-labelledby=\"toggle_c152067a43313b4ba\"><div class=\"panel-body toggle-content fusion-clearfix\">\n<p style=\"text-align: left;\">Przedszkola Dunedin Kindergartens s\u0105 zarz\u0105dzane przez Rad\u0119, kt\u00f3ra wsp\u00f3lnie wykorzystuje wiedz\u0119 i zasoby 24 przedszkoli i ich spo\u0142eczno\u015bci, aby \u015bwiadczy\u0107 us\u0142ugi edukacyjne, z kt\u00f3rych jeste\u015bmy dumni. Rada nadzoruje strategiczny kierunek i cel stowarzyszenia, przy czym nauczanie i uczenie si\u0119 jest podstawow\u0105 dzia\u0142alno\u015bci\u0105, a ostateczny wynik dla dzieci. Aby skontaktowa\u0107 si\u0119 z przewodnicz\u0105cym rady, kliknij tutaj, aby uzyska\u0107 szczeg\u00f3\u0142owe informacje.<\/p>\n<p style=\"text-align: left;\">Dunedin Kindergartens zatrudnia Dyrektora Generalnego, kt\u00f3ry nadzoruje zarz\u0105dzanie us\u0142ug\u0105 i dzia\u0142a jako licencjobiorca dla wszystkich przedszkoli. Zesp\u00f3\u0142 Starszych Nauczycieli zapewnia wsparcie w zakresie nauczania i programu nauczania dla personelu nauczycielskiego, a tak\u017ce nadzoruje i u\u0142atwia nauk\u0119 zawodow\u0105. Zesp\u00f3\u0142 administracyjny zapewnia funkcj\u0119 biznesow\u0105 organizacji, wspieraj\u0105c i zarz\u0105dzaj\u0105c jej codziennymi dzia\u0142aniami.<\/p>\n<p style=\"text-align: left;\">W ka\u017cdym przedszkolu pracuje zesp\u00f3\u0142 sk\u0142adaj\u0105cy si\u0119 z trzech do pi\u0119ciu nauczycieli, w tym dyrektora, kt\u00f3rego obowi\u0105zkiem jest zapewnienie, aby nauczanie i uczenie si\u0119 odzwierciedla\u0142o zasady i w\u0105tki programu nauczania \u2013 Te Wh\u0101riki.<\/p>\n<\/div><\/div><\/div><style type=\"text\/css\">.fusion-accordian  #accordion-2537-1 .panel-826d5cf495da17873 .panel-title a{color:#16215e;}.fusion-accordian  #accordion-2537-1 .panel-826d5cf495da17873 .toggle-content{color:#464b5e;}<\/style><div class=\"fusion-panel panel-default panel-826d5cf495da17873\"><div class=\"panel-heading\"><h3 class=\"panel-title toggle\" id=\"toggle_826d5cf495da17873\"><a aria-expanded=\"false\" aria-controls=\"826d5cf495da17873\" role=\"button\" data-toggle=\"collapse\" data-parent=\"#accordion-2537-1\" data-target=\"#826d5cf495da17873\" href=\"#826d5cf495da17873\"><span class=\"fusion-toggle-icon-wrapper\" aria-hidden=\"true\"><i class=\"fa-fusion-box active-icon awb-icon-minus\" aria-hidden=\"true\"><\/i><i class=\"fa-fusion-box inactive-icon awb-icon-plus\" aria-hidden=\"true\"><\/i><\/span><span class=\"fusion-toggle-heading\">Nasza historia<\/span><\/a><\/h3><\/div><div id=\"826d5cf495da17873\" class=\"panel-collapse collapse\" araia-labelledby=\"toggle_826d5cf495da17873\"><div class=\"panel-body toggle-content fusion-clearfix\">\n<p style=\"text-align: left;\">Jeste\u015bmy pierwotnymi pionierami wczesnego dzieci\u0144stwa w Dunedin. Ruch przedszkolny rozpocz\u0105\u0142 si\u0119 tutaj, w Dunedin i jeste\u015bmy dumni, \u017ce jeste\u015bmy domem przedszkola w Nowej Zelandii. Pierwsze przedszkole zosta\u0142o otwarte 10 czerwca 1889 roku w Mission Hall, Walker St (obecnie Carroll St). Pastor Rutherford Waddell, pastor prezbiteria\u0144ski, zacz\u0105\u0142 planowa\u0107 organizacj\u0119, kt\u00f3ra mia\u0142aby zabra\u0107 dzieci z ulicy w bardzo biednych dzielnicach wok\u00f3\u0142 jego ko\u015bcio\u0142a. Poprosi\u0142 o rad\u0119 Lavini\u0119 Kelsey, kt\u00f3ra zacz\u0119\u0142a robi\u0107 \u201eco\u015b w rodzaju przedszkola\u201d we w\u0142asnej szkole prywatnej, a tak\u017ce Rachel Reynolds, liderk\u0119 spo\u0142eczno\u015bci, kt\u00f3ra martwi\u0142a si\u0119 o bezdomnych z nies\u0142awnej okolicy Walker St, i Marka Cohena, reformatora spo\u0142ecznego zainteresowanego kalifornijskim systemem bezp\u0142atnych przedszkoli. Po publicznym spotkaniu w marcu 1889 roku powsta\u0142o Stowarzyszenie Bezp\u0142atnych Przedszkoli w Dunedin, kt\u00f3rego prezesk\u0105 zosta\u0142a Rachel Reynolds, a pierwszym honorowym sekretarzem Lavinia Kelsey. <a href=\"http:\/\/www.otago.ac.nz\/education\/otago045231.pdf\" target=\"_blank\" rel=\"noopener\">www.otago.ac.nz\/education\/otago045231.pdf<\/a><br \/>\nPi\u0119\u0107 naszych przedszkoli nosi imiona os\u00f3b, kt\u00f3re wierzy\u0142y w dzieci i ruch przedszkolny. (Helen Deem, Jonathan Rhodes, Kelsey Yaralla, Rachel Reynolds i Richard Hudson Kindergartens). Pionierzy przedszkola w Dunedin!<br \/>\nMaj\u0105c na uwadze ponad 100 lat tradycji lidera w sektorze opieki nad dzie\u0107mi, przedszkola Dunedin skupiaj\u0105 si\u0119 przede wszystkim na dzieciach i ich rodzinach.<br \/>\nDunedin Kindergartens jako organizacja parasolowa zapewni wiedz\u0119 specjalistyczn\u0105 w zakresie zarz\u0105dzania i zarz\u0105dzania, aby zagwarantowa\u0107 doskona\u0142o\u015b\u0107 w nauczaniu i uczeniu si\u0119 dla wszystkich dzieci. B\u0119dzie to mo\u017cliwe dzi\u0119ki zapewnieniu profesjonalnego przyw\u00f3dztwa, ostro\u017cnemu stosowaniu zasob\u00f3w oraz opracowywaniu polityk i procedur we wsp\u00f3\u0142pracy z nauczycielami, dzie\u0107mi, rodzicami, wh\u0101nau i innymi.<\/p>\n<p style=\"text-align: left;\">\u201eBo jak dzieci rosn\u0105, taki b\u0119dzie kszta\u0142t Aotearoa\u201d<br \/>\n<em>Dama Whina Cooper<\/em><\/p>\n<\/div><\/div><\/div><\/div><\/div><div class=\"fusion-sep-clear\"><\/div><div class=\"fusion-separator fusion-full-width-sep\" style=\"margin-left: auto;margin-right: auto;margin-top:45px;width:100%;\"><\/div><div class=\"fusion-sep-clear\"><\/div><style type=\"text\/css\">#accordion-2537-2 .fusion-panel:hover{ border-color: #575862 } #accordion-2537-2 .fusion-panel { border-color:#575862; }.fusion-accordian  #accordion-2537-2 .panel-title a .fa-fusion-box{ color: #575862;}.fusion-accordian  #accordion-2537-2 .panel-title a .fa-fusion-box:before{ font-size: 16px; width: 16px;}.fusion-accordian  #accordion-2537-2.fusion-toggle-icon-right .fusion-toggle-heading{ margin-right: 34px;}.fusion-accordian  #accordion-2537-2 .panel-title a{font-size:20px;color:#474b5d;font-family:\"Open Sans\";font-weight:300;}.fusion-accordian  #accordion-2537-2 .toggle-content{font-size:15px;color:#464b5e;font-family:\"Open Sans\";font-weight:300;}.fusion-accordian  #accordion-2537-2 .panel-title a:not(.active):hover, #accordion-2537-2 .fusion-toggle-boxed-mode:hover .panel-title a { color: #474b5d;}.fusion-accordian  #accordion-2537-2 .fusion-toggle-boxed-mode:hover .panel-title a .fa-fusion-box{ color: #474b5d;}.fusion-accordian  #accordion-2537-2.fusion-toggle-icon-unboxed .fusion-panel .panel-title a:not(.active):hover .fa-fusion-box{ color: #474b5d !important;}<\/style><div class=\"accordian fusion-accordian\"><div class=\"panel-group fusion-toggle-icon-right fusion-toggle-icon-unboxed\" id=\"accordion-2537-2\"><style type=\"text\/css\">.fusion-accordian  #accordion-2537-2 .panel-45daf3a98916e11df .panel-title a{color:#16215e;}.fusion-accordian  #accordion-2537-2 .panel-45daf3a98916e11df .toggle-content{color:#464b5e;}<\/style><div class=\"fusion-panel panel-default panel-45daf3a98916e11df\"><div class=\"panel-heading\"><h3 class=\"panel-title toggle\" id=\"toggle_45daf3a98916e11df\"><a class=\"active\" aria-expanded=\"true\" aria-controls=\"45daf3a98916e11df\" role=\"button\" data-toggle=\"collapse\" data-parent=\"#accordion-2537-2\" data-target=\"#45daf3a98916e11df\" href=\"#45daf3a98916e11df\"><span class=\"fusion-toggle-icon-wrapper\" aria-hidden=\"true\"><i class=\"fa-fusion-box active-icon awb-icon-minus\" aria-hidden=\"true\"><\/i><i class=\"fa-fusion-box inactive-icon awb-icon-plus\" aria-hidden=\"true\"><\/i><\/span><span class=\"fusion-toggle-heading\">Nasza Rada<\/span><\/a><\/h3><\/div><div id=\"45daf3a98916e11df\" class=\"panel-collapse collapse in\" araia-labelledby=\"toggle_45daf3a98916e11df\"><div class=\"panel-body toggle-content fusion-clearfix\"><div class=\"fusion-builder-row fusion-builder-row-inner fusion-row\"><\/div><div class=\"fusion-layout-column fusion_builder_column_inner fusion-builder-nested-column-0 fusion_builder_column_inner_1_4 1_4 fusion-one-fourth fusion-column-first\" style=\"width:25%;width:calc(25% - ( ( 4% ) * 0.25 ) );margin-right: 4%;margin-top:0px;margin-bottom:40px;\"><div class=\"fusion-column-wrapper fusion-flex-column-wrapper-legacy\" style=\"background-position:left top;background-repeat:no-repeat;-webkit-background-size:cover;-moz-background-size:cover;-o-background-size:cover;background-size:cover;padding: 0px 0px 0px 0px;\"><style>.fusion-imageframe.imageframe-2 img{aspect-ratio:1 \/ 1;object-position:29% 50%;}<\/style><span class=\"fusion-imageframe imageframe-none imageframe-2 hover-type-none has-aspect-ratio\"><img decoding=\"async\" width=\"244\" height=\"300\" title=\"Sala Neresa\" src=\"https:\/\/dunedinkindergartens.org.nz\/wp-content\/uploads\/2024\/11\/Neresa-Hall-244x300.png\" class=\"img-responsive wp-image-2598 img-with-aspect-ratio\" alt srcset=\"https:\/\/dunedinkindergartens.org.nz\/wp-content\/uploads\/2024\/11\/Neresa-Hall-200x246.png 200w, https:\/\/dunedinkindergartens.org.nz\/wp-content\/uploads\/2024\/11\/Neresa-Hall-400x491.png 400w, https:\/\/dunedinkindergartens.org.nz\/wp-content\/uploads\/2024\/11\/Neresa-Hall.png 567w\" sizes=\"(max-width: 1125px) 100vw, 400px\" \/><\/span><div class=\"fusion-clearfix\"><\/div><\/div><\/div><div class=\"fusion-layout-column fusion_builder_column_inner fusion-builder-nested-column-1 fusion_builder_column_inner_3_4 3_4 fusion-three-fourth fusion-column-last\" style=\"width:75%;width:calc(75% - ( ( 4% ) * 0.75 ) );margin-top:0px;margin-bottom:40px;\"><div class=\"fusion-column-wrapper fusion-flex-column-wrapper-legacy\" style=\"background-position:left top;background-repeat:no-repeat;-webkit-background-size:cover;-moz-background-size:cover;-o-background-size:cover;background-size:cover;padding: 0px 0px 0px 0px;\"><div class=\"fusion-text fusion-text-3\"><hr style=\"width: 85px; border-bottom: 4px solid #b6bb4d; margin-left: 0; margin-bottom: 20px; margin-top: 0;\" \/>\n<h3><strong>Neresa Hall, Przewodnicz\u0105ca<\/strong><\/h3>\n<p>Neresa jest mam\u0105 Olive i Ady i do\u0142\u0105czy\u0142a do zarz\u0105du DK w sierpniu 2024 r. Nale\u017cy do spo\u0142eczno\u015bci przedszkola Roslyn od 2022 r. i uwielbia nauk\u0119 w przedszkolu dzi\u0119ki nauczycielom, kt\u00f3rzy, jak twierdzi, nieustannie przekraczaj\u0105 oczekiwania, opiekuj\u0105c si\u0119 Olive.<\/p>\n<p>W \u017cyciu zawodowym jest psychologiem dzieci\u0119cym i obecnie wsp\u00f3\u0142pracuje z reThink children services. Neresa przekwalifikowa\u0142a si\u0119 na psychologa dzieci\u0119cego w wieku oko\u0142o trzydziestu lat, a przed powrotem na studia by\u0142a nauczycielk\u0105 szko\u0142y \u015bredniej. Opr\u00f3cz tego Neresa trenuje netball i jest w komitecie rodzicielskim w Roslyn.<\/p>\n<p>Poprzednie do\u015bwiadczenie Neresy w zarz\u0105dzaniu obejmuje funkcj\u0119 przedstawiciela m\u0142odych i nowych nauczycieli w zarz\u0105dzie PPTA w Wellington, cz\u0142onkini\u0119 komitetu Miast Przyjaznych Dzieciom UNICEF oraz przedstawicielk\u0119 studi\u00f3w podyplomowych w Radzie Studi\u00f3w Uniwersytetu Canterbury.<\/p>\n<\/div><div class=\"fusion-clearfix\"><\/div><\/div><\/div><div class=\"fusion-layout-column fusion_builder_column_inner fusion-builder-nested-column-2 fusion_builder_column_inner_1_4 1_4 fusion-one-fourth fusion-column-first\" style=\"width:25%;width:calc(25% - ( ( 4% ) * 0.25 ) );margin-right: 4%;margin-top:0px;margin-bottom:40px;\"><div class=\"fusion-column-wrapper fusion-flex-column-wrapper-legacy\" style=\"background-position:left top;background-repeat:no-repeat;-webkit-background-size:cover;-moz-background-size:cover;-o-background-size:cover;background-size:cover;padding: 0px 0px 0px 0px;\"><style>.fusion-imageframe.imageframe-3 img{aspect-ratio:1 \/ 1;object-position:29% 50%;}<\/style><span class=\"fusion-imageframe imageframe-none imageframe-3 hover-type-none has-aspect-ratio\"><img decoding=\"async\" width=\"166\" height=\"212\" title=\"Heidi Gray-Holland\" src=\"https:\/\/dunedinkindergartens.org.nz\/wp-content\/uploads\/2024\/11\/Heidi-Gray-Holland.png\" class=\"img-responsive wp-image-2597 img-with-aspect-ratio\" alt \/><\/span><div class=\"fusion-clearfix\"><\/div><\/div><\/div><div class=\"fusion-layout-column fusion_builder_column_inner fusion-builder-nested-column-3 fusion_builder_column_inner_3_4 3_4 fusion-three-fourth fusion-column-last\" style=\"width:75%;width:calc(75% - ( ( 4% ) * 0.75 ) );margin-top:0px;margin-bottom:40px;\"><div class=\"fusion-column-wrapper fusion-flex-column-wrapper-legacy\" style=\"background-position:left top;background-repeat:no-repeat;-webkit-background-size:cover;-moz-background-size:cover;-o-background-size:cover;background-size:cover;padding: 0px 0px 0px 0px;\"><div class=\"fusion-text fusion-text-4\"><hr style=\"width: 85px; border-bottom: 4px solid #b6bb4d; margin-left: 0; margin-bottom: 20px; margin-top: 0;\" \/>\n<h3><strong>Heidi Gray-Holland<\/strong><\/h3>\n<p>Heidi do\u0142\u0105czy\u0142a do zarz\u0105du DK w sierpniu 2024 r. Jest cz\u0142onkini\u0105 spo\u0142eczno\u015bci przedszkoli Dunedin Kindergartens od 2018 r., kiedy jej najstarsze dziecko rozpocz\u0119\u0142o nauk\u0119 w przedszkolu St Kilda.<\/p>\n<p>Pasja Heidi do edukacji wczesnoszkolnej wynika z jej w\u0142asnych do\u015bwiadcze\u0144 jako by\u0142ego przedszkolaka. Jej zaanga\u017cowanie w sektorze obejmuje role w centrach wczesnego dzieci\u0144stwa, a tak\u017ce niedawn\u0105 edukacj\u0119 w Playcentre.<\/p>\n<p>Heidi pe\u0142ni\u0142a funkcj\u0119 skarbnika w dw\u00f3ch organizacjach wolontariackich, zdobywaj\u0105c cenne do\u015bwiadczenie w zarz\u0105dzaniu finansami i nawigowaniu po zmianach w zarz\u0105dzaniu. Jej zawodowe do\u015bwiadczenie jako prawnika dodaje g\u0142\u0119bi zrozumienia ram prawnych i regulacyjnych, wzmacniaj\u0105c jej umiej\u0119tno\u015bci w zakresie zarz\u0105dzania i rozwi\u0105zywania konflikt\u00f3w. Heidi jest zaanga\u017cowana w zapewnienie, \u017ce Dunedin Kindergartens nadal oferuje wysokiej jako\u015bci, zorientowan\u0105 na spo\u0142eczno\u015b\u0107 edukacj\u0119 wczesnoszkoln\u0105.<\/p>\n<\/div><div class=\"fusion-clearfix\"><\/div><\/div><\/div><div class=\"fusion-layout-column fusion_builder_column_inner fusion-builder-nested-column-4 fusion_builder_column_inner_1_4 1_4 fusion-one-fourth fusion-column-first\" style=\"width:25%;width:calc(25% - ( ( 4% ) * 0.25 ) );margin-right: 4%;margin-top:0px;margin-bottom:40px;\"><div class=\"fusion-column-wrapper fusion-flex-column-wrapper-legacy\" style=\"background-position:left top;background-repeat:no-repeat;-webkit-background-size:cover;-moz-background-size:cover;-o-background-size:cover;background-size:cover;padding: 0px 0px 0px 0px;\"><style>.fusion-imageframe.imageframe-4 img{aspect-ratio:1 \/ 1;object-position:29% 50%;}<\/style><span class=\"fusion-imageframe imageframe-none imageframe-4 hover-type-none has-aspect-ratio\"><img decoding=\"async\" width=\"235\" height=\"300\" title=\"danieldebono\" src=\"https:\/\/dunedinkindergartens.org.nz\/wp-content\/uploads\/2024\/11\/danieldebono-235x300.jpg\" class=\"img-responsive wp-image-2599 img-with-aspect-ratio\" alt srcset=\"https:\/\/dunedinkindergartens.org.nz\/wp-content\/uploads\/2024\/11\/danieldebono-200x255.jpg 200w, https:\/\/dunedinkindergartens.org.nz\/wp-content\/uploads\/2024\/11\/danieldebono.jpg 368w\" sizes=\"(max-width: 1125px) 100vw, 235px\" \/><\/span><div class=\"fusion-clearfix\"><\/div><\/div><\/div><div class=\"fusion-layout-column fusion_builder_column_inner fusion-builder-nested-column-5 fusion_builder_column_inner_3_4 3_4 fusion-three-fourth fusion-column-last\" style=\"width:75%;width:calc(75% - ( ( 4% ) * 0.75 ) );margin-top:0px;margin-bottom:40px;\"><div class=\"fusion-column-wrapper fusion-flex-column-wrapper-legacy\" style=\"background-position:left top;background-repeat:no-repeat;-webkit-background-size:cover;-moz-background-size:cover;-o-background-size:cover;background-size:cover;padding: 0px 0px 0px 0px;\"><div class=\"fusion-text fusion-text-5\"><hr style=\"width: 85px; border-bottom: 4px solid #b6bb4d; margin-left: 0; margin-bottom: 20px; margin-top: 0;\" \/>\n<h3><strong>Daniel De Bono, zast\u0119pca przewodnicz\u0105cego<\/strong><\/h3>\n<p>Dan do\u0142\u0105czy\u0142 do zarz\u0105du DK w sierpniu 2024 r. i jest dumnym absolwentem przedszkola w Dunedin oraz ojcem dziecka w przedszkolu. Jest dyrektorem naczelnym lotniska w Dunedin i ch\u0119tnie odwdzi\u0119czy si\u0119 DK, poniewa\u017c zdaje sobie spraw\u0119, jak wa\u017cne s\u0105 pierwsze 1000 dni ludzkiego \u017cycia i do\u015bwiadczenia.<\/p>\n<p>G\u0142\u0119boko wierzy, \u017ce nasze przedszkolaki i kaiako s\u0105 tino taonga i cieszy si\u0119 z faktu, \u017ce tysi\u0105ce absolwent\u00f3w DK osi\u0105gaj\u0105 wspania\u0142e rzeczy na ca\u0142ym \u015bwiecie, w du\u017cej mierze dzi\u0119ki swoim nauczycielom i edukacji przedszkolnej prowadzonej przez spo\u0142eczno\u015b\u0107.<\/p>\n<p>Przez ca\u0142\u0105 swoj\u0105 karier\u0119 Dan wsp\u00f3\u0142pracowa\u0142 z wieloma profesjonalnymi dyrektorami w licznych organizacjach i twierdzi, \u017ce pasja, zaanga\u017cowanie i szczeg\u00f3lne podej\u015bcie, jakie lokalni cz\u0142onkowie zarz\u0105d\u00f3w wnosz\u0105 do zarz\u0105dzania, s\u0105 nieocenione.<\/p>\n<p>Dan posiada do\u015bwiadczenie kierownicze w wielu dyscyplinach w sektorze lotnictwa i opieki zdrowotnej, a jego mocnymi stronami s\u0105 wspieranie zespo\u0142\u00f3w, przyw\u00f3dztwo strategiczne, operacje i infrastruktura.<\/p>\n<p>Pe\u0142ni\u0142 r\u00f3wnie\u017c funkcj\u0119 cz\u0142onka za\u0142o\u017cyciela i dyrektora organizacji charytatywnej Coastguard Queenstown Inc.<\/p>\n<\/div><div class=\"fusion-clearfix\"><\/div><\/div><\/div><div class=\"fusion-layout-column fusion_builder_column_inner fusion-builder-nested-column-6 fusion_builder_column_inner_1_4 1_4 fusion-one-fourth fusion-column-first\" style=\"width:25%;width:calc(25% - ( ( 4% ) * 0.25 ) );margin-right: 4%;margin-top:0px;margin-bottom:40px;\"><div class=\"fusion-column-wrapper fusion-flex-column-wrapper-legacy\" style=\"background-position:left top;background-repeat:no-repeat;-webkit-background-size:cover;-moz-background-size:cover;-o-background-size:cover;background-size:cover;padding: 0px 0px 0px 0px;\"><style>.fusion-imageframe.imageframe-5 img{aspect-ratio:1 \/ 1;object-position:29% 50%;}<\/style><span class=\"fusion-imageframe imageframe-none imageframe-5 hover-type-none has-aspect-ratio\"><img decoding=\"async\" width=\"234\" height=\"300\" title=\"Matthew Wallis\" src=\"https:\/\/dunedinkindergartens.org.nz\/wp-content\/uploads\/2024\/11\/Matthew-Wallis-234x300.png\" class=\"img-responsive wp-image-2600 img-with-aspect-ratio\" alt srcset=\"https:\/\/dunedinkindergartens.org.nz\/wp-content\/uploads\/2024\/11\/Matthew-Wallis-200x257.png 200w, https:\/\/dunedinkindergartens.org.nz\/wp-content\/uploads\/2024\/11\/Matthew-Wallis.png 258w\" sizes=\"(max-width: 1125px) 100vw, 234px\" \/><\/span><div class=\"fusion-clearfix\"><\/div><\/div><\/div><div class=\"fusion-layout-column fusion_builder_column_inner fusion-builder-nested-column-7 fusion_builder_column_inner_3_4 3_4 fusion-three-fourth fusion-column-last\" style=\"width:75%;width:calc(75% - ( ( 4% ) * 0.75 ) );margin-top:0px;margin-bottom:40px;\"><div class=\"fusion-column-wrapper fusion-flex-column-wrapper-legacy\" style=\"background-position:left top;background-repeat:no-repeat;-webkit-background-size:cover;-moz-background-size:cover;-o-background-size:cover;background-size:cover;padding: 0px 0px 0px 0px;\"><div class=\"fusion-text fusion-text-6\"><hr style=\"width: 85px; border-bottom: 4px solid #b6bb4d; margin-left: 0; margin-bottom: 20px; margin-top: 0;\" \/>\n<h3><strong>Matthew Wallis<\/strong><\/h3>\n<p>Matthew do\u0142\u0105czy\u0142 do zarz\u0105du DK w sierpniu 2024 r. Matthew do\u0142\u0105czy\u0142 do zarz\u0105du z kilkuletnim do\u015bwiadczeniem w nauczaniu w Auckland. Uczy\u0142 na wszystkich poziomach programu nauczania w szkole podstawowej i wnosi do naszej organizacji rozleg\u0142\u0105 wiedz\u0119 programow\u0105 i przyw\u00f3dztwo edukacyjne.<\/p>\n<p>Mieszka z \u017con\u0105 i dw\u00f3jk\u0105 dzieci w St Clair i przez ostatnie kilka lat pracowa\u0142 jako opiekun zast\u0119pczy dla Oranga Tamariki. Matthew jest aktywnym cz\u0142onkiem Richard Hudson Parent Committee i Kea Scout Leader w Anderson Bay Sea Scouts.<\/p>\n<p>Jest gor\u0105cym zwolennikiem wysokiej jako\u015bci edukacji i dba o to, aby by\u0142a ona dost\u0119pna dla wszystkich tamariki.<\/p>\n<\/div><div class=\"fusion-clearfix\"><\/div><\/div><\/div><div class=\"fusion-layout-column fusion_builder_column_inner fusion-builder-nested-column-8 fusion_builder_column_inner_1_4 1_4 fusion-one-fourth fusion-column-first\" style=\"width:25%;width:calc(25% - ( ( 4% ) * 0.25 ) );margin-right: 4%;margin-top:0px;margin-bottom:40px;\"><div class=\"fusion-column-wrapper fusion-flex-column-wrapper-legacy\" style=\"background-position:left top;background-repeat:no-repeat;-webkit-background-size:cover;-moz-background-size:cover;-o-background-size:cover;background-size:cover;padding: 0px 0px 0px 0px;\"><style>.fusion-imageframe.imageframe-6 img{aspect-ratio:1 \/ 1;object-position:29% 50%;}<\/style><span class=\"fusion-imageframe imageframe-none imageframe-6 hover-type-none has-aspect-ratio\"><img decoding=\"async\" width=\"237\" height=\"300\" title=\"Jenna McPhee\" src=\"https:\/\/dunedinkindergartens.org.nz\/wp-content\/uploads\/2024\/11\/Jane-Davis.png\" class=\"img-responsive wp-image-2602 img-with-aspect-ratio\" alt \/><\/span><div class=\"fusion-clearfix\"><\/div><\/div><\/div><div class=\"fusion-layout-column fusion_builder_column_inner fusion-builder-nested-column-9 fusion_builder_column_inner_3_4 3_4 fusion-three-fourth fusion-column-last\" style=\"width:75%;width:calc(75% - ( ( 4% ) * 0.75 ) );margin-top:0px;margin-bottom:40px;\"><div class=\"fusion-column-wrapper fusion-flex-column-wrapper-legacy\" style=\"background-position:left top;background-repeat:no-repeat;-webkit-background-size:cover;-moz-background-size:cover;-o-background-size:cover;background-size:cover;padding: 0px 0px 0px 0px;\"><div class=\"fusion-text fusion-text-7\"><hr style=\"width: 85px; border-bottom: 4px solid #b6bb4d; margin-left: 0; margin-bottom: 20px; margin-top: 0;\" \/>\n<h3><strong>Jane Davis<\/strong><\/h3>\n<p>Jane z przyjemno\u015bci\u0105 b\u0119dzie reprezentowa\u0107 kaiako (nauczycieli i asystent\u00f3w nauczycieli) przedszkola w Dunedin w zarz\u0105dzie.<\/p>\n<p>Przez oko\u0142o 15 lat pracowa\u0142a w przedszkolach Dunedin Kindergartens w r\u00f3\u017cnych przedszkolach na terenie miasta.<\/p>\n<p>Widzi ona, jak wa\u017cne jest stawianie tamariki i wh\u0101nau na pierwszym planie przy podejmowaniu wszelkich decyzji przez zarz\u0105d oraz takie podej\u015bcie edukacyjne, kt\u00f3re zapewni im najlepsze mo\u017cliwo\u015bci.<\/p>\n<p>Jane ma r\u00f3wnie\u017c do\u015bwiadczenie w pracy w radach nadzorczych szk\u00f3\u0142 i innych grup spo\u0142ecznych, dzi\u0119ki czemu zna procesy i systemy istotne dla efektywnego funkcjonowania organizacji spo\u0142ecznych.<\/p>\n<p>Chce wykorzysta\u0107 swoje umiej\u0119tno\u015bci w zarz\u0105dzie, aby pom\u00f3c DK zapewni\u0107 najlepsz\u0105 edukacj\u0119 wczesnoszkoln\u0105, jak\u0105 to miasto ma do zaoferowania.<\/p>\n<\/div><div class=\"fusion-clearfix\"><\/div><\/div><\/div><div class=\"fusion-layout-column fusion_builder_column_inner fusion-builder-nested-column-10 fusion_builder_column_inner_1_4 1_4 fusion-one-fourth fusion-column-first\" style=\"width:25%;width:calc(25% - ( ( 4% ) * 0.25 ) );margin-right: 4%;margin-top:0px;margin-bottom:0px;\"><div class=\"fusion-column-wrapper fusion-flex-column-wrapper-legacy\" style=\"background-position:left top;background-repeat:no-repeat;-webkit-background-size:cover;-moz-background-size:cover;-o-background-size:cover;background-size:cover;padding: 0px 0px 0px 0px;\"><span class=\"fusion-imageframe imageframe-none imageframe-7 hover-type-none\"><img decoding=\"async\" width=\"523\" height=\"619\" title=\"Chelsea Hamilton\" src=\"https:\/\/dunedinkindergartens.org.nz\/wp-content\/uploads\/2025\/06\/Chelsea-Hamilton.jpg\" alt class=\"img-responsive wp-image-3032\" srcset=\"https:\/\/dunedinkindergartens.org.nz\/wp-content\/uploads\/2025\/06\/Chelsea-Hamilton-200x237.jpg 200w, https:\/\/dunedinkindergartens.org.nz\/wp-content\/uploads\/2025\/06\/Chelsea-Hamilton-400x473.jpg 400w, https:\/\/dunedinkindergartens.org.nz\/wp-content\/uploads\/2025\/06\/Chelsea-Hamilton.jpg 523w\" sizes=\"(max-width: 1125px) 100vw, 400px\" \/><\/span><div class=\"fusion-clearfix\"><\/div><\/div><\/div><div class=\"fusion-layout-column fusion_builder_column_inner fusion-builder-nested-column-11 fusion_builder_column_inner_3_4 3_4 fusion-three-fourth fusion-column-last\" style=\"width:75%;width:calc(75% - ( ( 4% ) * 0.75 ) );margin-top:0px;margin-bottom:0px;\"><div class=\"fusion-column-wrapper fusion-flex-column-wrapper-legacy\" style=\"background-position:left top;background-repeat:no-repeat;-webkit-background-size:cover;-moz-background-size:cover;-o-background-size:cover;background-size:cover;padding: 0px 0px 0px 0px;\"><div class=\"fusion-text fusion-text-8\"><hr style=\"width: 85px; border-bottom: 4px solid #b6bb4d; margin-left: 0; margin-bottom: 20px; margin-top: 0;\" \/>\n<h3><strong>Chelsea Hamilton<\/strong><\/h3>\n<p>Chelsea jest mam\u0105 Marleya, dziecka z przedszkola St Clair, i do\u0142\u0105czy\u0142a do zarz\u0105du przedszkola Dunedin w 2025 roku. Jej m\u0105\u017c jest dyrektorem przedszkola, wi\u0119c \u017cycie w przedszkolu jest nieod\u0142\u0105czn\u0105 cz\u0119\u015bci\u0105 codziennego \u017cycia rodziny.<\/p>\n<p>Wnosi ponad dekad\u0119 do\u015bwiadczenia w marketingu i bran\u017cy kreatywnej, a obecnie pracuje w marketingu Business-to-Business, kieruj\u0105c strategiami na rynkach Nowej Zelandii i Australii. Chelsea wsp\u00f3\u0142zarz\u0105dza r\u00f3wnie\u017c oddzia\u0142em \u014ctepoti The Nest Collective, organizacji non-profit wspieraj\u0105cej p\u0113pi i ich wh\u0101nau w Otago i Southland, dostarczaj\u0105c niezb\u0119dne artyku\u0142y dla niemowl\u0105t.<\/p>\n<p>Chelsea jest pasjonatk\u0105 dbania o to, aby ka\u017cde dziecko mia\u0142o szans\u0119 na rozw\u00f3j. Z rado\u015bci\u0105 dzieli si\u0119 swoim do\u015bwiadczeniem biznesowym i spo\u0142ecznym z zarz\u0105dem przedszkoli w Dunedin.<\/p>\n<\/div><div class=\"fusion-clearfix\"><\/div><\/div><\/div><div class=\"fusion-layout-column fusion_builder_column_inner fusion-builder-nested-column-12 fusion_builder_column_inner_1_4 1_4 fusion-one-fourth fusion-column-first\" style=\"width:25%;width:calc(25% - ( ( 4% ) * 0.25 ) );margin-right: 4%;margin-top:0px;margin-bottom:0px;\"><div class=\"fusion-column-wrapper fusion-flex-column-wrapper-legacy\" style=\"background-position:left top;background-repeat:no-repeat;-webkit-background-size:cover;-moz-background-size:cover;-o-background-size:cover;background-size:cover;padding: 0px 0px 0px 0px;\"><span class=\"fusion-imageframe imageframe-none imageframe-8 hover-type-none\"><img decoding=\"async\" width=\"311\" height=\"344\" title=\"Aleisza\" src=\"https:\/\/dunedinkindergartens.org.nz\/wp-content\/uploads\/2025\/06\/Aleisha.jpg\" alt class=\"img-responsive wp-image-3033\" srcset=\"https:\/\/dunedinkindergartens.org.nz\/wp-content\/uploads\/2025\/06\/Aleisha-200x221.jpg 200w, https:\/\/dunedinkindergartens.org.nz\/wp-content\/uploads\/2025\/06\/Aleisha.jpg 311w\" sizes=\"(max-width: 1125px) 100vw, 311px\" \/><\/span><div class=\"fusion-clearfix\"><\/div><\/div><\/div><div class=\"fusion-layout-column fusion_builder_column_inner fusion-builder-nested-column-13 fusion_builder_column_inner_3_4 3_4 fusion-three-fourth fusion-column-last\" style=\"width:75%;width:calc(75% - ( ( 4% ) * 0.75 ) );margin-top:0px;margin-bottom:0px;\"><div class=\"fusion-column-wrapper fusion-flex-column-wrapper-legacy\" style=\"background-position:left top;background-repeat:no-repeat;-webkit-background-size:cover;-moz-background-size:cover;-o-background-size:cover;background-size:cover;padding: 0px 0px 0px 0px;\"><div class=\"fusion-clearfix\"><\/div><\/div><\/div><div class=\"fusion-text fusion-text-9\"><\/div>\n<hr style=\"width: 85px; border-bottom: 4px solid #b6bb4d; margin-left: 0; margin-bottom: 20px; margin-top: 0;\" \/>\n<h3><strong>Aleisha Clarke<\/strong><\/h3>\n<p>Aleisha do\u0142\u0105czy\u0142a do zarz\u0105du w kwietniu 2025 r. i od 2023 r. aktywnie anga\u017cuje si\u0119 w \u017cycie spo\u0142eczno\u015bci przedszkola Halfway Bush, gdzie pe\u0142ni r\u00f3wnie\u017c funkcj\u0119 przewodnicz\u0105cej komitetu.<\/p>\n<p>Maj\u0105c silne do\u015bwiadczenie w zarz\u0105dzaniu zar\u00f3wno na szczeblu krajowym, jak i lokalnym w sektorze sportowym, Aleisha wnosi do zarz\u0105du cenne do\u015bwiadczenie w zakresie przyw\u00f3dztwa. Obecnie jest dyrektorem generalnym lokalnej szko\u0142y p\u0142ywania i po\u015bwi\u0119ci\u0142a ponad 25 lat pracy z dzie\u0107mi.<\/p>\n<p>Aleisha jest pasjonatk\u0105 etycznego zarz\u0105dzania i kieruje si\u0119 strategicznym kierunkiem, d\u0142ugoterminowym podej\u015bciem i znacz\u0105cym zaanga\u017cowaniem spo\u0142eczno\u015bci.<\/p>\n<\/div><\/div><\/div><style type=\"text\/css\">.fusion-accordian  #accordion-2537-2 .panel-25398e8eae7e55462 .panel-title a{color:#16215e;}.fusion-accordian  #accordion-2537-2 .panel-25398e8eae7e55462 .toggle-content{color:#464b5e;}<\/style><div class=\"fusion-panel panel-default panel-25398e8eae7e55462\"><div class=\"panel-heading\"><h3 class=\"panel-title toggle\" id=\"toggle_25398e8eae7e55462\"><a aria-expanded=\"false\" aria-controls=\"25398e8eae7e55462\" role=\"button\" data-toggle=\"collapse\" data-parent=\"#accordion-2537-2\" data-target=\"#25398e8eae7e55462\" href=\"#25398e8eae7e55462\"><span class=\"fusion-toggle-icon-wrapper\" aria-hidden=\"true\"><i class=\"fa-fusion-box active-icon awb-icon-minus\" aria-hidden=\"true\"><\/i><i class=\"fa-fusion-box inactive-icon awb-icon-plus\" aria-hidden=\"true\"><\/i><\/span><span class=\"fusion-toggle-heading\">Zesp\u00f3\u0142 wsparcia<\/span><\/a><\/h3><\/div><div id=\"25398e8eae7e55462\" class=\"panel-collapse collapse\" araia-labelledby=\"toggle_25398e8eae7e55462\"><div class=\"panel-body toggle-content fusion-clearfix\">\n<div class=\"fusion-builder-row fusion-builder-row-inner fusion-row\"><div class=\"fusion-layout-column fusion_builder_column_inner fusion-builder-nested-column-14 fusion_builder_column_inner_1_4 1_4 fusion-one-fourth fusion-column-first\" style=\"width:25%;width:calc(25% - ( ( 4% + 4% + 4% ) * 0.25 ) );margin-right: 4%;margin-top:0px;margin-bottom:0px;\"><div class=\"fusion-column-wrapper fusion-flex-column-wrapper-legacy\" style=\"background-position:left top;background-repeat:no-repeat;-webkit-background-size:cover;-moz-background-size:cover;-o-background-size:cover;background-size:cover;padding: 0px 0px 0px 0px;\"><style>.fusion-imageframe.imageframe-9{ margin-bottom : 20px;}.fusion-imageframe.imageframe-9 img{aspect-ratio:1 \/ 1;object-position:26% 50%;}<\/style><span class=\"fusion-imageframe imageframe-none imageframe-9 hover-type-none has-aspect-ratio\"><img decoding=\"async\" width=\"200\" height=\"300\" title=\"Jane\" src=\"https:\/\/dunedinkindergartens.org.nz\/wp-content\/uploads\/2025\/12\/Jane-scaled.jpg\" class=\"img-responsive wp-image-3158 img-with-aspect-ratio\" alt srcset=\"https:\/\/dunedinkindergartens.org.nz\/wp-content\/uploads\/2025\/12\/Jane-200x300.jpg 200w, https:\/\/dunedinkindergartens.org.nz\/wp-content\/uploads\/2025\/12\/Jane-400x600.jpg 400w, https:\/\/dunedinkindergartens.org.nz\/wp-content\/uploads\/2025\/12\/Jane-600x900.jpg 600w, https:\/\/dunedinkindergartens.org.nz\/wp-content\/uploads\/2025\/12\/Jane-800x1200.jpg 800w, https:\/\/dunedinkindergartens.org.nz\/wp-content\/uploads\/2025\/12\/Jane-1200x1800.jpg 1200w, https:\/\/dunedinkindergartens.org.nz\/wp-content\/uploads\/2025\/12\/Jane-scaled.jpg 1707w\" sizes=\"(max-width: 1125px) 100vw, 400px\" \/><\/span><div class=\"fusion-text fusion-text-10\"><hr style=\"width: 85px; border-bottom: 4px solid #b6bb4d; margin-left: 0; margin-bottom: 20px; margin-top: 0;\" \/>\n<h2><strong>Jane Lee<\/strong><\/h2>\n<p>Dyrektor Naczelny<\/p>\n<\/div><div class=\"fusion-clearfix\"><\/div><\/div><\/div><div class=\"fusion-layout-column fusion_builder_column_inner fusion-builder-nested-column-15 fusion_builder_column_inner_1_4 1_4 fusion-one-fourth\" style=\"width:25%;width:calc(25% - ( ( 4% + 4% + 4% ) * 0.25 ) );margin-right: 4%;margin-top:0px;margin-bottom:0px;\"><div class=\"fusion-column-wrapper fusion-flex-column-wrapper-legacy\" style=\"background-position:left top;background-repeat:no-repeat;-webkit-background-size:cover;-moz-background-size:cover;-o-background-size:cover;background-size:cover;padding: 0px 0px 0px 0px;\"><style>.fusion-imageframe.imageframe-10{ margin-bottom : 20px;}.fusion-imageframe.imageframe-10 img{aspect-ratio:1 \/ 1;object-position:26% 50%;}<\/style><span class=\"fusion-imageframe imageframe-none imageframe-10 hover-type-none has-aspect-ratio\"><img decoding=\"async\" width=\"294\" height=\"300\" title=\"Lee Blackie\" src=\"https:\/\/dunedinkindergartens.org.nz\/wp-content\/uploads\/2024\/11\/Lee-Blackie.jpg\" class=\"img-responsive wp-image-2605 img-with-aspect-ratio\" alt srcset=\"https:\/\/dunedinkindergartens.org.nz\/wp-content\/uploads\/2024\/11\/Lee-Blackie-200x204.jpg 200w, https:\/\/dunedinkindergartens.org.nz\/wp-content\/uploads\/2024\/11\/Lee-Blackie-400x408.jpg 400w, https:\/\/dunedinkindergartens.org.nz\/wp-content\/uploads\/2024\/11\/Lee-Blackie-600x611.jpg 600w, https:\/\/dunedinkindergartens.org.nz\/wp-content\/uploads\/2024\/11\/Lee-Blackie-800x815.jpg 800w, https:\/\/dunedinkindergartens.org.nz\/wp-content\/uploads\/2024\/11\/Lee-Blackie.jpg 902w\" sizes=\"(max-width: 1125px) 100vw, 400px\" \/><\/span><div class=\"fusion-text fusion-text-11\"><hr style=\"width: 85px; border-bottom: 4px solid #b6bb4d; margin-left: 0; margin-bottom: 20px; margin-top: 0;\" \/>\n<h2><strong>Lee Blackie<\/strong><\/h2>\n<p>Starszy nauczyciel<\/p>\n<\/div><div class=\"fusion-clearfix\"><\/div><\/div><\/div><div class=\"fusion-layout-column fusion_builder_column_inner fusion-builder-nested-column-16 fusion_builder_column_inner_1_4 1_4 fusion-one-fourth\" style=\"width:25%;width:calc(25% - ( ( 4% + 4% + 4% ) * 0.25 ) );margin-right: 4%;margin-top:0px;margin-bottom:0px;\"><div class=\"fusion-column-wrapper fusion-flex-column-wrapper-legacy\" style=\"background-position:left top;background-repeat:no-repeat;-webkit-background-size:cover;-moz-background-size:cover;-o-background-size:cover;background-size:cover;padding: 0px 0px 0px 0px;\"><style>.fusion-imageframe.imageframe-11{ margin-bottom : 20px;}.fusion-imageframe.imageframe-11 img{aspect-ratio:1 \/ 1;object-position:26% 50%;}<\/style><span class=\"fusion-imageframe imageframe-none imageframe-11 hover-type-none has-aspect-ratio\"><img decoding=\"async\" width=\"300\" height=\"298\" title=\"Rachel Phillips\" src=\"https:\/\/dunedinkindergartens.org.nz\/wp-content\/uploads\/2024\/11\/Rachel-Phillips-300x298.jpg\" class=\"img-responsive wp-image-2606 img-with-aspect-ratio\" alt srcset=\"https:\/\/dunedinkindergartens.org.nz\/wp-content\/uploads\/2024\/11\/Rachel-Phillips-200x199.jpg 200w, https:\/\/dunedinkindergartens.org.nz\/wp-content\/uploads\/2024\/11\/Rachel-Phillips-400x397.jpg 400w, https:\/\/dunedinkindergartens.org.nz\/wp-content\/uploads\/2024\/11\/Rachel-Phillips-600x596.jpg 600w, https:\/\/dunedinkindergartens.org.nz\/wp-content\/uploads\/2024\/11\/Rachel-Phillips-800x795.jpg 800w, https:\/\/dunedinkindergartens.org.nz\/wp-content\/uploads\/2024\/11\/Rachel-Phillips.jpg 925w\" sizes=\"(max-width: 1125px) 100vw, 400px\" \/><\/span><div class=\"fusion-text fusion-text-12\"><hr style=\"width: 85px; border-bottom: 4px solid #b6bb4d; margin-left: 0; margin-bottom: 20px; margin-top: 0;\" \/>\n<h2><strong>Rachel Phillips<\/strong><\/h2>\n<p>Starszy nauczyciel<\/p>\n<\/div><div class=\"fusion-clearfix\"><\/div><\/div><\/div><div class=\"fusion-layout-column fusion_builder_column_inner fusion-builder-nested-column-17 fusion_builder_column_inner_1_4 1_4 fusion-one-fourth fusion-column-last\" style=\"width:25%;width:calc(25% - ( ( 4% + 4% + 4% ) * 0.25 ) );margin-top:0px;margin-bottom:0px;\"><div class=\"fusion-column-wrapper fusion-flex-column-wrapper-legacy\" style=\"background-position:left top;background-repeat:no-repeat;-webkit-background-size:cover;-moz-background-size:cover;-o-background-size:cover;background-size:cover;padding: 0px 0px 0px 0px;\"><style>.fusion-imageframe.imageframe-12{ margin-bottom : 20px;}.fusion-imageframe.imageframe-12 img{aspect-ratio:1 \/ 1;object-position:26% 50%;}<\/style><span class=\"fusion-imageframe imageframe-none imageframe-12 hover-type-none has-aspect-ratio\"><img decoding=\"async\" width=\"300\" height=\"297\" title=\"Steve Henderson\" src=\"https:\/\/dunedinkindergartens.org.nz\/wp-content\/uploads\/2024\/11\/Steve-Henderson-300x297.jpg\" class=\"img-responsive wp-image-2607 img-with-aspect-ratio\" alt srcset=\"https:\/\/dunedinkindergartens.org.nz\/wp-content\/uploads\/2024\/11\/Steve-Henderson-200x198.jpg 200w, https:\/\/dunedinkindergartens.org.nz\/wp-content\/uploads\/2024\/11\/Steve-Henderson-400x396.jpg 400w, https:\/\/dunedinkindergartens.org.nz\/wp-content\/uploads\/2024\/11\/Steve-Henderson-600x594.jpg 600w, https:\/\/dunedinkindergartens.org.nz\/wp-content\/uploads\/2024\/11\/Steve-Henderson-800x792.jpg 800w, https:\/\/dunedinkindergartens.org.nz\/wp-content\/uploads\/2024\/11\/Steve-Henderson.jpg 928w\" sizes=\"(max-width: 1125px) 100vw, 400px\" \/><\/span><div class=\"fusion-text fusion-text-13\"><hr style=\"width: 85px; border-bottom: 4px solid #b6bb4d; margin-left: 0; margin-bottom: 20px; margin-top: 0;\" \/>\n<h2><strong>Steve Henderson<\/strong><\/h2>\n<p>Mened\u017cer nieruchomo\u015bci<\/p>\n<\/div><div class=\"fusion-clearfix\"><\/div><\/div><\/div><div class=\"fusion-layout-column fusion_builder_column_inner fusion-builder-nested-column-18 fusion_builder_column_inner_1_4 1_4 fusion-one-fourth fusion-column-first\" style=\"width:25%;width:calc(25% - ( ( 4% + 4% + 4% ) * 0.25 ) );margin-right: 4%;margin-top:0px;margin-bottom:0px;\"><div class=\"fusion-column-wrapper fusion-flex-column-wrapper-legacy\" style=\"background-position:left top;background-repeat:no-repeat;-webkit-background-size:cover;-moz-background-size:cover;-o-background-size:cover;background-size:cover;padding: 0px 0px 0px 0px;\"><style>.fusion-imageframe.imageframe-13{ margin-bottom : 20px;}.fusion-imageframe.imageframe-13 img{aspect-ratio:1 \/ 1;object-position:26% 50%;}<\/style><span class=\"fusion-imageframe imageframe-none imageframe-13 hover-type-none has-aspect-ratio\"><img decoding=\"async\" width=\"218\" height=\"291\" title=\"Tracey Scurr\" src=\"https:\/\/dunedinkindergartens.org.nz\/wp-content\/uploads\/2024\/11\/Tracey-Scurr.jpg\" class=\"img-responsive wp-image-2608 img-with-aspect-ratio\" alt srcset=\"https:\/\/dunedinkindergartens.org.nz\/wp-content\/uploads\/2024\/11\/Tracey-Scurr-200x267.jpg 200w, https:\/\/dunedinkindergartens.org.nz\/wp-content\/uploads\/2024\/11\/Tracey-Scurr.jpg 218w\" sizes=\"(max-width: 1125px) 100vw, 218px\" \/><\/span><div class=\"fusion-text fusion-text-14\"><hr style=\"width: 85px; border-bottom: 4px solid #b6bb4d; margin-left: 0; margin-bottom: 20px; margin-top: 0;\" \/>\n<h2><strong>Tracey Scurr<\/strong><\/h2>\n<p>Mened\u017cer ds. potencja\u0142u zasob\u00f3w ludzkich<\/p>\n<\/div><div class=\"fusion-clearfix\"><\/div><\/div><\/div><div class=\"fusion-layout-column fusion_builder_column_inner fusion-builder-nested-column-19 fusion_builder_column_inner_1_4 1_4 fusion-one-fourth\" style=\"width:25%;width:calc(25% - ( ( 4% + 4% + 4% ) * 0.25 ) );margin-right: 4%;margin-top:0px;margin-bottom:0px;\"><div class=\"fusion-column-wrapper fusion-flex-column-wrapper-legacy\" style=\"background-position:left top;background-repeat:no-repeat;-webkit-background-size:cover;-moz-background-size:cover;-o-background-size:cover;background-size:cover;padding: 0px 0px 0px 0px;\"><style>.fusion-imageframe.imageframe-14{ margin-bottom : 20px;}.fusion-imageframe.imageframe-14 img{aspect-ratio:1 \/ 1;object-position:26% 50%;}<\/style><span class=\"fusion-imageframe imageframe-none imageframe-14 hover-type-none has-aspect-ratio\"><img decoding=\"async\" width=\"201\" height=\"204\" title=\"Bryony Domegan.jpg\" src=\"https:\/\/dunedinkindergartens.org.nz\/wp-content\/uploads\/2024\/11\/Bryony-Domegan.jpg.png\" class=\"img-responsive wp-image-2611 img-with-aspect-ratio\" alt srcset=\"https:\/\/dunedinkindergartens.org.nz\/wp-content\/uploads\/2024\/11\/Bryony-Domegan.jpg-66x66.png 66w, https:\/\/dunedinkindergartens.org.nz\/wp-content\/uploads\/2024\/11\/Bryony-Domegan.jpg.png 201w\" sizes=\"(max-width: 201px) 100vw, 201px\" \/><\/span><div class=\"fusion-text fusion-text-15\"><hr style=\"width: 85px; border-bottom: 4px solid #b6bb4d; margin-left: 0; margin-bottom: 20px; margin-top: 0;\" \/>\n<h2><strong>Bryony Domegan<\/strong><\/h2>\n<p>Administrator<\/p>\n<\/div><div class=\"fusion-clearfix\"><\/div><\/div><\/div><div class=\"fusion-layout-column fusion_builder_column_inner fusion-builder-nested-column-20 fusion_builder_column_inner_1_4 1_4 fusion-one-fourth\" style=\"width:25%;width:calc(25% - ( ( 4% + 4% + 4% ) * 0.25 ) );margin-right: 4%;margin-top:0px;margin-bottom:0px;\"><div class=\"fusion-column-wrapper fusion-flex-column-wrapper-legacy\" style=\"background-position:left top;background-repeat:no-repeat;-webkit-background-size:cover;-moz-background-size:cover;-o-background-size:cover;background-size:cover;padding: 0px 0px 0px 0px;\"><style>.fusion-imageframe.imageframe-15{ margin-bottom : 20px;}.fusion-imageframe.imageframe-15 img{aspect-ratio:1 \/ 1;object-position:26% 50%;}<\/style><span class=\"fusion-imageframe imageframe-none imageframe-15 hover-type-none has-aspect-ratio\"><img decoding=\"async\" width=\"300\" height=\"295\" title=\"Cena Tracey&#039;ego\" src=\"https:\/\/dunedinkindergartens.org.nz\/wp-content\/uploads\/2024\/11\/Tracey-Price-300x295.jpg\" class=\"img-responsive wp-image-2612 img-with-aspect-ratio\" alt srcset=\"https:\/\/dunedinkindergartens.org.nz\/wp-content\/uploads\/2024\/11\/Tracey-Price-200x197.jpg 200w, https:\/\/dunedinkindergartens.org.nz\/wp-content\/uploads\/2024\/11\/Tracey-Price-400x394.jpg 400w, https:\/\/dunedinkindergartens.org.nz\/wp-content\/uploads\/2024\/11\/Tracey-Price-600x590.jpg 600w, https:\/\/dunedinkindergartens.org.nz\/wp-content\/uploads\/2024\/11\/Tracey-Price-800x787.jpg 800w, https:\/\/dunedinkindergartens.org.nz\/wp-content\/uploads\/2024\/11\/Tracey-Price.jpg 884w\" sizes=\"(max-width: 1125px) 100vw, 400px\" \/><\/span><div class=\"fusion-text fusion-text-16\"><hr style=\"width: 85px; border-bottom: 4px solid #b6bb4d; margin-left: 0; margin-bottom: 20px; margin-top: 0;\" \/>\n<h2><strong>Cena Tracey&#039;ego<\/strong><\/h2>\n<p>Administrator ds. p\u0142ac\/kadr<\/p>\n<\/div><div class=\"fusion-layout-column fusion_builder_column_inner fusion-builder-nested-column-21 fusion_builder_column_inner_1_4 1_4 fusion-one-fourth fusion-column-last\" style=\"width:25%;width:calc(25% - ( ( 4% + 4% + 4% ) * 0.25 ) );margin-top:0px;margin-bottom:0px;\"><div class=\"fusion-column-wrapper fusion-flex-column-wrapper-legacy\" style=\"background-position:left top;background-repeat:no-repeat;-webkit-background-size:cover;-moz-background-size:cover;-o-background-size:cover;background-size:cover;padding: 0px 0px 0px 0px;\"><div class=\"fusion-clearfix\"><\/div><\/div><\/div><div class=\"fusion-clearfix\"><\/div><\/div><\/div><div class=\"fusion-layout-column fusion_builder_column_inner fusion-builder-nested-column-22 fusion_builder_column_inner_1_4 1_4 fusion-one-fourth fusion-column-first\" style=\"width:25%;width:calc(25% - ( ( 4% ) * 0.25 ) );margin-right: 4%;margin-top:0px;margin-bottom:0px;\"><div class=\"fusion-column-wrapper fusion-flex-column-wrapper-legacy\" style=\"background-position:left top;background-repeat:no-repeat;-webkit-background-size:cover;-moz-background-size:cover;-o-background-size:cover;background-size:cover;padding: 0px 0px 0px 0px;\"><div class=\"fusion-clearfix\"><\/div><\/div><\/div><div class=\"fusion-layout-column fusion_builder_column_inner fusion-builder-nested-column-23 fusion_builder_column_inner_1_4 1_4 fusion-one-fourth fusion-column-last\" style=\"width:25%;width:calc(25% - ( ( 4% ) * 0.25 ) );margin-top:0px;margin-bottom:0px;\"><div class=\"fusion-column-wrapper fusion-flex-column-wrapper-legacy\" style=\"background-position:left top;background-repeat:no-repeat;-webkit-background-size:cover;-moz-background-size:cover;-o-background-size:cover;background-size:cover;padding: 0px 0px 0px 0px;\"><div class=\"fusion-clearfix\"><\/div><\/div><\/div><\/div>\n<\/div><\/div><\/div><\/div><\/div><div class=\"fusion-clearfix\"><\/div><\/div><\/div><\/div><div class=\"fusion-builder-row fusion-row\"><\/div><\/div>","protected":false},"excerpt":{"rendered":"","protected":false},"author":1,"featured_media":0,"parent":0,"menu_order":0,"comment_status":"closed","ping_status":"open","template":"100-width.php","meta":{"footnotes":""},"class_list":["post-2537","page","type-page","status-publish","hentry"],"yoast_head":"<!-- This site is optimized with the Yoast SEO plugin v27.2 - https:\/\/yoast.com\/product\/yoast-seo-wordpress\/ -->\n<title>About us - Dunedin Kindergartens<\/title>\n<meta name=\"robots\" content=\"index, follow, max-snippet:-1, max-image-preview:large, max-video-preview:-1\" \/>\n<link rel=\"canonical\" href=\"https:\/\/dunedinkindergartens.org.nz\/pl\/about-us\/\" \/>\n<meta property=\"og:locale\" content=\"pl_PL\" \/>\n<meta property=\"og:type\" content=\"article\" \/>\n<meta property=\"og:title\" content=\"About us - Dunedin Kindergartens\" \/>\n<meta property=\"og:url\" content=\"https:\/\/dunedinkindergartens.org.nz\/pl\/about-us\/\" \/>\n<meta property=\"og:site_name\" content=\"Dunedin Kindergartens\" \/>\n<meta property=\"article:modified_time\" content=\"2025-12-14T22:51:26+00:00\" \/>\n<meta property=\"og:image\" content=\"https:\/\/dunedinkindergartens.org.nz\/wp-content\/uploads\/2025\/12\/Jane-scaled.jpg\" \/>\n<meta name=\"twitter:card\" content=\"summary_large_image\" \/>\n<meta name=\"twitter:label1\" content=\"Szacowany czas czytania\" \/>\n\t<meta name=\"twitter:data1\" content=\"29 minut\" \/>\n<script type=\"application\/ld+json\" class=\"yoast-schema-graph\">{\"@context\":\"https:\/\/schema.org\",\"@graph\":[{\"@type\":\"WebPage\",\"@id\":\"https:\/\/dunedinkindergartens.org.nz\/about-us\/\",\"url\":\"https:\/\/dunedinkindergartens.org.nz\/about-us\/\",\"name\":\"About us - Dunedin Kindergartens\",\"isPartOf\":{\"@id\":\"https:\/\/dunedinkindergartens.org.nz\/#website\"},\"primaryImageOfPage\":{\"@id\":\"https:\/\/dunedinkindergartens.org.nz\/about-us\/#primaryimage\"},\"image\":{\"@id\":\"https:\/\/dunedinkindergartens.org.nz\/about-us\/#primaryimage\"},\"thumbnailUrl\":\"https:\/\/dunedinkindergartens.org.nz\/wp-content\/uploads\/2025\/12\/Jane-scaled.jpg\",\"datePublished\":\"2024-11-20T00:40:50+00:00\",\"dateModified\":\"2025-12-14T22:51:26+00:00\",\"breadcrumb\":{\"@id\":\"https:\/\/dunedinkindergartens.org.nz\/about-us\/#breadcrumb\"},\"inLanguage\":\"pl-PL\",\"potentialAction\":[{\"@type\":\"ReadAction\",\"target\":[\"https:\/\/dunedinkindergartens.org.nz\/about-us\/\"]}]},{\"@type\":\"ImageObject\",\"inLanguage\":\"pl-PL\",\"@id\":\"https:\/\/dunedinkindergartens.org.nz\/about-us\/#primaryimage\",\"url\":\"https:\/\/dunedinkindergartens.org.nz\/wp-content\/uploads\/2025\/12\/Jane-scaled.jpg\",\"contentUrl\":\"https:\/\/dunedinkindergartens.org.nz\/wp-content\/uploads\/2025\/12\/Jane-scaled.jpg\"},{\"@type\":\"BreadcrumbList\",\"@id\":\"https:\/\/dunedinkindergartens.org.nz\/about-us\/#breadcrumb\",\"itemListElement\":[{\"@type\":\"ListItem\",\"position\":1,\"name\":\"Home\",\"item\":\"https:\/\/dunedinkindergartens.org.nz\/\"},{\"@type\":\"ListItem\",\"position\":2,\"name\":\"About us\"}]},{\"@type\":\"WebSite\",\"@id\":\"https:\/\/dunedinkindergartens.org.nz\/#website\",\"url\":\"https:\/\/dunedinkindergartens.org.nz\/\",\"name\":\"Dunedin Kindergartens\",\"description\":\"Top quality, affordable early childhood education for children 2 \u2013 5 years old.\",\"potentialAction\":[{\"@type\":\"SearchAction\",\"target\":{\"@type\":\"EntryPoint\",\"urlTemplate\":\"https:\/\/dunedinkindergartens.org.nz\/?s={search_term_string}\"},\"query-input\":{\"@type\":\"PropertyValueSpecification\",\"valueRequired\":true,\"valueName\":\"search_term_string\"}}],\"inLanguage\":\"pl-PL\"}]}<\/script>\n<!-- \/ Yoast SEO plugin. -->","yoast_head_json":{"title":"About us - Dunedin Kindergartens","robots":{"index":"index","follow":"follow","max-snippet":"max-snippet:-1","max-image-preview":"max-image-preview:large","max-video-preview":"max-video-preview:-1"},"canonical":"https:\/\/dunedinkindergartens.org.nz\/pl\/about-us\/","og_locale":"pl_PL","og_type":"article","og_title":"About us - Dunedin Kindergartens","og_url":"https:\/\/dunedinkindergartens.org.nz\/pl\/about-us\/","og_site_name":"Dunedin Kindergartens","article_modified_time":"2025-12-14T22:51:26+00:00","og_image":[{"url":"https:\/\/dunedinkindergartens.org.nz\/wp-content\/uploads\/2025\/12\/Jane-scaled.jpg","type":"","width":"","height":""}],"twitter_card":"summary_large_image","twitter_misc":{"Szacowany czas czytania":"29 minut"},"schema":{"@context":"https:\/\/schema.org","@graph":[{"@type":"WebPage","@id":"https:\/\/dunedinkindergartens.org.nz\/about-us\/","url":"https:\/\/dunedinkindergartens.org.nz\/about-us\/","name":"About us - Dunedin Kindergartens","isPartOf":{"@id":"https:\/\/dunedinkindergartens.org.nz\/#website"},"primaryImageOfPage":{"@id":"https:\/\/dunedinkindergartens.org.nz\/about-us\/#primaryimage"},"image":{"@id":"https:\/\/dunedinkindergartens.org.nz\/about-us\/#primaryimage"},"thumbnailUrl":"https:\/\/dunedinkindergartens.org.nz\/wp-content\/uploads\/2025\/12\/Jane-scaled.jpg","datePublished":"2024-11-20T00:40:50+00:00","dateModified":"2025-12-14T22:51:26+00:00","breadcrumb":{"@id":"https:\/\/dunedinkindergartens.org.nz\/about-us\/#breadcrumb"},"inLanguage":"pl-PL","potentialAction":[{"@type":"ReadAction","target":["https:\/\/dunedinkindergartens.org.nz\/about-us\/"]}]},{"@type":"ImageObject","inLanguage":"pl-PL","@id":"https:\/\/dunedinkindergartens.org.nz\/about-us\/#primaryimage","url":"https:\/\/dunedinkindergartens.org.nz\/wp-content\/uploads\/2025\/12\/Jane-scaled.jpg","contentUrl":"https:\/\/dunedinkindergartens.org.nz\/wp-content\/uploads\/2025\/12\/Jane-scaled.jpg"},{"@type":"BreadcrumbList","@id":"https:\/\/dunedinkindergartens.org.nz\/about-us\/#breadcrumb","itemListElement":[{"@type":"ListItem","position":1,"name":"Home","item":"https:\/\/dunedinkindergartens.org.nz\/"},{"@type":"ListItem","position":2,"name":"About us"}]},{"@type":"WebSite","@id":"https:\/\/dunedinkindergartens.org.nz\/#website","url":"https:\/\/dunedinkindergartens.org.nz\/","name":"Przedszkola w Dunedin","description":"Najwy\u017cszej jako\u015bci, niedroga edukacja wczesnoszkolna dla dzieci w wieku 2-5 lat.","potentialAction":[{"@type":"SearchAction","target":{"@type":"EntryPoint","urlTemplate":"https:\/\/dunedinkindergartens.org.nz\/?s={search_term_string}"},"query-input":{"@type":"PropertyValueSpecification","valueRequired":true,"valueName":"search_term_string"}}],"inLanguage":"pl-PL"}]}},"_links":{"self":[{"href":"https:\/\/dunedinkindergartens.org.nz\/pl\/wp-json\/wp\/v2\/pages\/2537","targetHints":{"allow":["GET"]}}],"collection":[{"href":"https:\/\/dunedinkindergartens.org.nz\/pl\/wp-json\/wp\/v2\/pages"}],"about":[{"href":"https:\/\/dunedinkindergartens.org.nz\/pl\/wp-json\/wp\/v2\/types\/page"}],"author":[{"embeddable":true,"href":"https:\/\/dunedinkindergartens.org.nz\/pl\/wp-json\/wp\/v2\/users\/1"}],"replies":[{"embeddable":true,"href":"https:\/\/dunedinkindergartens.org.nz\/pl\/wp-json\/wp\/v2\/comments?post=2537"}],"version-history":[{"count":82,"href":"https:\/\/dunedinkindergartens.org.nz\/pl\/wp-json\/wp\/v2\/pages\/2537\/revisions"}],"predecessor-version":[{"id":3162,"href":"https:\/\/dunedinkindergartens.org.nz\/pl\/wp-json\/wp\/v2\/pages\/2537\/revisions\/3162"}],"wp:attachment":[{"href":"https:\/\/dunedinkindergartens.org.nz\/pl\/wp-json\/wp\/v2\/media?parent=2537"}],"curies":[{"name":"wp","href":"https:\/\/api.w.org\/{rel}","templated":true}]}}